{"id":1023,"date":"2015-08-11T08:46:02","date_gmt":"2015-08-11T08:46:02","guid":{"rendered":"http:\/\/langbruck.at.w01385b3.kasserver.com\/ferienwohnung-salzburger-land\/?lang=cs"},"modified":"2017-09-14T08:59:17","modified_gmt":"2017-09-14T08:59:17","slug":"ferienwohnung-salzburger-land","status":"publish","type":"page","link":"https:\/\/www.langbruck.at\/cs\/ferienwohnung-salzburger-land\/","title":{"rendered":"Ferienwohnungen"},"content":{"rendered":"<div class=\"wpb-content-wrapper\"><p>[vc_row][vc_column][vc_column_text]<\/p>\n<h1>Ferienwohnungen in Eben im Pongau<\/h1>\n<h2>Ferienwohnungen f\u00fcr 2 &#8211; 6 Personen im\u00a0Salzburger Land<\/h2>\n<p>[\/vc_column_text][vc_single_image image=&#8220;99&#8243; img_size=&#8220;full&#8220;][\/vc_column][\/vc_row][vc_row][vc_column][vc_column_text]In unseren hellen\u00a0Ferienwohnungen in Eben im Pongau f\u00fcr bis zu 6 Personen k\u00f6nnen Sie sich ausruhen und erholen. Hier finden Sie alles, was Sie f\u00fcr Ihren Genuss-Urlaub im Salzburger Land brauchen: Hohen Komfort durch Vollholzm\u00f6bel und edle Holzb\u00f6den, umfangreiche Ausstattung mit l\u00e4ndlichen Elementen und liebevollen Details, Balkon zum Sonnetanken. Ob als Familie oder als Paar, die geschickte Raumaufteilung bietet gen\u00fcgend Platz. W\u00e4hlen Sie aus den vier Ferienwohnungen auf dem\u00a0<a href=\"https:\/\/www.langbruck.at\/\">Bio-Bauernhof Langbruckgut<\/a> Ihren pers\u00f6nlichen Wohlf\u00fchlplatz.[\/vc_column_text][\/vc_column][\/vc_row][vc_row css=&#8220;.vc_custom_1441011376450{margin-bottom: 0px !important;}&#8220;][vc_column][vc_tta_tabs][vc_tta_section title=&#8220;Ansitz<br \/>\n2 &#8211; 3 Personen&#8220; tab_id=&#8220;1441009699835-41e37168-3cd0&#8243;][vc_column_text]<\/p>\n<h4>Ferienwohnung Ansitz\u00a0f\u00fcr 2 &#8211; 3\u00a0Personen, 43\u00a0m\u00b2<\/h4>\n<p>[\/vc_column_text][vc_row_inner css=&#8220;.vc_custom_1441192789839{margin-bottom: 60px !important;}&#8220;][vc_column_inner width=&#8220;1\/2&#8243;][vc_gallery interval=&#8220;3&#8243; images=&#8220;558,557,559,560,530&#8243; img_size=&#8220;medium&#8220;][\/vc_column_inner][vc_column_inner width=&#8220;1\/2&#8243;][vc_column_text]<\/p>\n<ul>\n<li>Schlafzimmer in Zirbelkiefer (TV im Zimmer) mit einem Doppelbett und einem Einzelbett<\/li>\n<li>Wohnraum mit ausziehbarer Couch und gem\u00fctlicher Sitzecke (TV)<\/li>\n<li>Komplett ausgestattete Wohnk\u00fcche: K\u00fcchenzeile mit E-Herd, Backrohr, Mikrowelle, Geschirrsp\u00fcler, K\u00fchlschrank mit Gefrierfach, Kaffeemaschine, Wasserkocher, Toaster<\/li>\n<li><a href=\"https:\/\/www.langbruck.at\/wp-content\/uploads\/ferienwohnungen-eben-pongau-ansitz-5.jpg\">Badezimmer<\/a> mit Dusche und 2 Waschbecken, F\u00f6n<\/li>\n<li>Separates WC<\/li>\n<li>Kabel-TV und\u00a0Radio, W-Lan-Zugang<\/li>\n<li>Holzboden aus Eiche ge\u00f6lt<\/li>\n<\/ul>\n<p>[\/vc_column_text][\/vc_column_inner][\/vc_row_inner][\/vc_tta_section][vc_tta_section tab_id=&#8220;1441026541966-e59c7c65-5091&#8243; title=&#8220;Kirschbl\u00fcte<br \/>\n2 &#8211; 3 Personen&#8220;][vc_column_text]<\/p>\n<h4>Ferienwohnung Kirschbl\u00fcte\u00a0f\u00fcr 2 &#8211; 3\u00a0Personen, 46 m\u00b2<\/h4>\n<p>[\/vc_column_text][vc_row_inner css=&#8220;.vc_custom_1441192856774{margin-bottom: 60px !important;}&#8220;][vc_column_inner width=&#8220;1\/2&#8243;][vc_gallery interval=&#8220;3&#8243; images=&#8220;506,509,507,508,531&#8243; img_size=&#8220;medium&#8220;][\/vc_column_inner][vc_column_inner width=&#8220;1\/2&#8243;][vc_column_text]<\/p>\n<ul>\n<li>Schlafzimmer in Zirbelkiefer (TV im Zimmer) mit einem Doppelbett und einem Einzelbett<\/li>\n<li>Wohnraum mit ausziehbarer Couch\u00a0und gem\u00fctlicher Sitzecke (TV)<\/li>\n<li>Komplett ausgestattete Wohnk\u00fcche: K\u00fcchenzeile mit E-Herd, Backrohr, Mikrowelle, Geschirrsp\u00fcler, K\u00fchlschrank mit Gefrierfach, Kaffeemaschine, Wasserkocher, Toaster<\/li>\n<li>Badezimmer mit Dusche und 2 Waschbecken, F\u00f6hn<\/li>\n<li>Separates WC<\/li>\n<li>Kabel-TV und Radio,\u00a0W-Lan-Zugang<\/li>\n<li>Balkon S\u00fcd-S\u00fcdost<\/li>\n<li>Holzboden aus Eiche ge\u00f6lt<\/li>\n<\/ul>\n<p>[\/vc_column_text][\/vc_column_inner][\/vc_row_inner][\/vc_tta_section][vc_tta_section title=&#8220;Kr\u00e4utergartl<br \/>\n2 &#8211; 5 Personen&#8220; tab_id=&#8220;1441010579081-4b073f8e-37a8&#8243;][vc_column_text]<\/p>\n<h4>Ferienwohnung Kr\u00e4utergartl f\u00fcr 2 &#8211; 5 Personen, 44 m\u00b2<\/h4>\n<p>[\/vc_column_text][vc_row_inner css=&#8220;.vc_custom_1441192841058{margin-bottom: 60px !important;}&#8220;][vc_column_inner width=&#8220;1\/2&#8243;][vc_gallery interval=&#8220;3&#8243; images=&#8220;515,514,517,516,825,532&#8243; img_size=&#8220;medium&#8220;][\/vc_column_inner][vc_column_inner width=&#8220;1\/2&#8243;][vc_column_text]<\/p>\n<ul>\n<li>Gro\u00dfes Doppelschlafzimmer<\/li>\n<li>Kleines Doppelschlafzimmer (mit TV) in Zirbelkiefer<\/li>\n<li>Einzelzimmer (mit TV)<\/li>\n<li>Wohnraum mit gem\u00fctlicher Sitzecke (mit TV)<\/li>\n<li>K\u00fcchenzeile mit E-Herd, Backrohr, Mikrowelle, Geschirrsp\u00fcler, K\u00fchlschrank mit Gefrierfach, Kaffeemaschine, Wasserkocher, 4-fach-Kochfeld, Toaster<br \/>\nBadezimmer mit Dusche und 2 Waschbecken, F\u00f6hn<\/li>\n<li>Separates WC<\/li>\n<li>Kabel-TV und Radio, W-Lan-Zugang<\/li>\n<li>Balkon S\u00fcd-S\u00fcdwest<\/li>\n<li>Holzboden aus Eiche ge\u00f6lt<\/li>\n<\/ul>\n<p>[\/vc_column_text][\/vc_column_inner][\/vc_row_inner][\/vc_tta_section][vc_tta_section title=&#8220;Schwalbennest<br \/>\n2 &#8211; 6 Personen&#8220; tab_id=&#8220;1441010350819-bc3d92db-2fe3&#8243;][vc_column_text]<\/p>\n<h4>Ferienwohnung Schwalbennest f\u00fcr 2 &#8211; 6 Personen, 49 m\u00b2<\/h4>\n<p>[\/vc_column_text][vc_row_inner css=&#8220;.vc_custom_1441192849057{margin-bottom: 60px !important;}&#8220;][vc_column_inner width=&#8220;1\/2&#8243;][vc_gallery interval=&#8220;3&#8243; images=&#8220;521,526,525,523,524,522,533&#8243; img_size=&#8220;medium&#8220;][\/vc_column_inner][vc_column_inner width=&#8220;1\/2&#8243;][vc_column_text]<\/p>\n<ul>\n<li>2 Schlafzimmer mit einem Doppelbett und einem Einzelbett (1 Schlafzimmer mit TV), 1 Schlafzimmer in Zirbelkiefer<\/li>\n<li>Wohnraum mit gem\u00fctlicher Sitzecke (mit TV)<\/li>\n<li>Komplett ausgestattete Wohnk\u00fcche: K\u00fcchenzeile mit E-Herd, Backrohr, Mikrowelle, Geschirrsp\u00fcler, K\u00fchlschrank mit Gefrierfach, Kaffeemaschine, Wasserkocher, Toaster<\/li>\n<li>Badezimmer mit Dusche, Waschbecken und WC, F\u00f6hn<\/li>\n<li>Badezimmer mit Dusche, Waschbecken, F\u00f6hn<\/li>\n<li>Separates WC<\/li>\n<li>Kabel-TV und Radio,\u00a0W-Lan-Zugang<\/li>\n<li>Balkon S\u00fcd-S\u00fcdwest<\/li>\n<li>Holzboden aus Eiche ge\u00f6lt<\/li>\n<\/ul>\n<p>[\/vc_column_text][\/vc_column_inner][\/vc_row_inner][\/vc_tta_section][\/vc_tta_tabs][\/vc_column][\/vc_row][vc_row][vc_column width=&#8220;1\/2&#8243; el_class=&#8220;button-1&#8243;][vc_column_text]<span class=\"button-block\"><a href=\"https:\/\/www.langbruck.at\/anfrage\/\">Anfrage<\/a><\/span>[\/vc_column_text][\/vc_column][vc_column width=&#8220;1\/2&#8243; el_class=&#8220;button-2&#8243;][vc_column_text]<span class=\"button-block\"><a href=\"https:\/\/www.langbruck.at\/buchungsinformationen\/\">Buchungsinformationen<\/a><\/span>[\/vc_column_text][\/vc_column][\/vc_row][vc_row el_class=&#8220;accordion-gruen&#8220;][vc_column][vc_tta_accordion active_section=&#8220;false&#8220; collapsible_all=&#8220;true&#8220;][vc_tta_section title=&#8220;Preise&#8220; tab_id=&#8220;1441346108933-2de286d9-53dd&#8220;][vc_row_inner][vc_column_inner width=&#8220;1\/2&#8243;][vc_column_text]<\/p>\n<h4>Winterpreise 2017\/18<\/h4>\n<p>[\/vc_column_text][vc_column_text]\n<table id=\"tablepress-1\" class=\"tablepress tablepress-id-1\">\n<thead>\n<tr class=\"row-1\">\n\t<th class=\"column-1\">Belegung<\/th><th class=\"column-2\">Hauptsaison<\/th><th class=\"column-3\">Nebensaison<\/th>\n<\/tr>\n<\/thead>\n<tbody class=\"row-striping\">\n<tr class=\"row-2\">\n\t<td class=\"column-1\">2 Personen<\/td><td class=\"column-2\">65,-<\/td><td class=\"column-3\">55,-<\/td>\n<\/tr>\n<tr class=\"row-3\">\n\t<td class=\"column-1\">3 Personen<\/td><td class=\"column-2\">80,-<\/td><td class=\"column-3\">70,-<\/td>\n<\/tr>\n<tr class=\"row-4\">\n\t<td class=\"column-1\">4 Personen<\/td><td class=\"column-2\">95,-<\/td><td class=\"column-3\">85,-<\/td>\n<\/tr>\n<tr class=\"row-5\">\n\t<td class=\"column-1\">5 Personen<\/td><td class=\"column-2\">105,-<\/td><td class=\"column-3\">95,-<\/td>\n<\/tr>\n<tr class=\"row-6\">\n\t<td class=\"column-1\">6 Personen<\/td><td class=\"column-2\">115,-<\/td><td class=\"column-3\">105,-<\/td>\n<\/tr>\n<\/tbody>\n<\/table>\n<!-- #tablepress-1 from cache -->[\/vc_column_text][vc_column_text]<strong>Hauptsaison Winter<\/strong>:<\/p>\n<p>23.12. \u2013\u00a005.01.2018 \u00b7 03.02. \u2013\u00a016.03.2018<\/p>\n<p><strong>Nebensaison Winter<\/strong>:<\/p>\n<p>bis 22.12.2017 \u00b7 06.01. \u2013 02.02.2018 \u00b7 ab 17.03.2018[\/vc_column_text][\/vc_column_inner][vc_column_inner width=&#8220;1\/2&#8243;][vc_column_text]<\/p>\n<h4>Sommerpreise 2018<\/h4>\n<p>[\/vc_column_text][vc_column_text]\n<table id=\"tablepress-2\" class=\"tablepress tablepress-id-2\">\n<thead>\n<tr class=\"row-1\">\n\t<th class=\"column-1\">Belegung<\/th><th class=\"column-2\">Hauptsaison<\/th><th class=\"column-3\">Nebensaison<\/th>\n<\/tr>\n<\/thead>\n<tbody class=\"row-striping\">\n<tr class=\"row-2\">\n\t<td class=\"column-1\">2 Personen<\/td><td class=\"column-2\">55,-<\/td><td class=\"column-3\">50,-<\/td>\n<\/tr>\n<tr class=\"row-3\">\n\t<td class=\"column-1\">3 Personen<\/td><td class=\"column-2\">70,-<\/td><td class=\"column-3\">65,-<\/td>\n<\/tr>\n<tr class=\"row-4\">\n\t<td class=\"column-1\">4 Personen<\/td><td class=\"column-2\">85,-<\/td><td class=\"column-3\">80,-<\/td>\n<\/tr>\n<tr class=\"row-5\">\n\t<td class=\"column-1\">5 Personen<\/td><td class=\"column-2\">95,-<\/td><td class=\"column-3\">90,-<\/td>\n<\/tr>\n<tr class=\"row-6\">\n\t<td class=\"column-1\">6 Personen<\/td><td class=\"column-2\">105,-<\/td><td class=\"column-3\">100,-<\/td>\n<\/tr>\n<\/tbody>\n<\/table>\n<!-- #tablepress-2 from cache -->[\/vc_column_text][vc_column_text]<strong>Hauptsaison Sommer<\/strong>:<\/p>\n<p>30.06.\u00a0\u2013\u00a008.09.2018<\/p>\n<p><strong>Nebensaison Sommer<\/strong>:<\/p>\n<p>bis 29.06.2018\u00a0\u00b7 ab 09.09.2018[\/vc_column_text][\/vc_column_inner][\/vc_row_inner][vc_column_text]Alle Preise verstehen sich in Euro f\u00fcr die angegebene Personenanzahl pro Nacht, exklusive Ortstaxe (\u20ac 1,30 pro Person ab 15 Jahren pro Nacht), exklusive Endreinigung: 2 \u2013 5 Personen \u20ac 35,- \u00b7\u00a0ab 6 Personen: \u20ac 40,-. <a href=\"https:\/\/www.langbruck.at\/buchungsinformationen\/\">Kindererm\u00e4\u00dfigung je nach Alter<\/a>. \u00c4nderungen und Irrt\u00fcmer vorbehalten.[\/vc_column_text][\/vc_tta_section][\/vc_tta_accordion][\/vc_column][\/vc_row][vc_row el_class=&#8220;hintergrund&#8220;][vc_column][vc_column_text]<\/p>\n<h5>T\u00e4glich frisches Brot<\/h5>\n<p>Der B\u00e4cker kommt t\u00e4glich mit frischem Brot (au\u00dfer sonntags).<\/p>\n<p>&nbsp;<\/p>\n<h5>Verleih<\/h5>\n<p>Machen Sie Gebrauch von der kostenlosen Leihausr\u00fcstung:\u00a0Wanderst\u00f6cke, Schlitten und Schneeschuhe (nach Verf\u00fcgbarkeit).<\/p>\n<p>&nbsp;<\/p>\n<h5>Tiere &amp; Spielplatz<\/h5>\n<p>Unsere kleinen G\u00e4ste finden rund um unseren Hof viel Platz zum Spielen und Herumtollen, vor allem auf dem Spielplatz. Auch unsere Tiere freuen sich, wenn Sie gestreichelt und verw\u00f6hnt werden.[\/vc_column_text][\/vc_column][\/vc_row]<\/p>\n<\/div>","protected":false},"excerpt":{"rendered":"<p>[vc_row][vc_column][vc_column_text] Ferienwohnungen in Eben im Pongau Ferienwohnungen f\u00fcr 2 &#8211; 6 Personen im\u00a0Salzburger Land [\/vc_column_text][vc_single_image image=&#8220;99&#8243; img_size=&#8220;full&#8220;][\/vc_column][\/vc_row][vc_row][vc_column][vc_column_text]In unseren hellen\u00a0Ferienwohnungen in Eben im Pongau f\u00fcr bis zu 6 Personen k\u00f6nnen Sie sich ausruhen und erholen. Hier finden Sie alles, was Sie f\u00fcr Ihren Genuss-Urlaub im Salzburger Land brauchen: Hohen Komfort durch Vollholzm\u00f6bel und edle Holzb\u00f6den, umfangreiche &hellip;<\/p>\n\n<p><a class=\"readmore btn btn-default btn-default btn-block\" href=\"https:\/\/www.langbruck.at\/cs\/ferienwohnung-salzburger-land\/\">Read More<\/a><\/p>","protected":false},"author":1,"featured_media":0,"parent":0,"menu_order":0,"comment_status":"closed","ping_status":"closed","template":"","meta":{"footnotes":""},"class_list":["post-1023","page","type-page","status-publish","hentry"],"yoast_head":"<!-- This site is optimized with the Yoast SEO plugin v27.4 - https:\/\/yoast.com\/product\/yoast-seo-wordpress\/ -->\n<title>Ferienwohnung f\u00fcr 2 - 6 P., Eben im Pongau, Salzburger Land<\/title>\n<meta name=\"description\" content=\"Neu ausgestattet: Vollholzm\u00f6bel, komplette K\u00fcche, gro\u00dfteils Balkon, kostenloses W-Lan,... in jeder Ferienwohnung in Eben im Pongau, Salzburger Land.\" \/>\n<meta name=\"robots\" content=\"index, follow, max-snippet:-1, max-image-preview:large, max-video-preview:-1\" \/>\n<link rel=\"canonical\" href=\"https:\/\/www.langbruck.at\/cs\/ferienwohnung-salzburger-land\/\" \/>\n<meta property=\"og:locale\" content=\"cs_CZ\" \/>\n<meta property=\"og:type\" content=\"article\" \/>\n<meta property=\"og:title\" content=\"Ferienwohnung f\u00fcr 2 - 6 P., Eben im Pongau, Salzburger Land\" \/>\n<meta property=\"og:description\" content=\"Neu ausgestattet: Vollholzm\u00f6bel, komplette K\u00fcche, gro\u00dfteils Balkon, kostenloses W-Lan,... in jeder Ferienwohnung in Eben im Pongau, Salzburger Land.\" \/>\n<meta property=\"og:url\" content=\"https:\/\/www.langbruck.at\/cs\/ferienwohnung-salzburger-land\/\" \/>\n<meta property=\"og:site_name\" content=\"Langbruckgut\" \/>\n<meta property=\"article:modified_time\" content=\"2017-09-14T08:59:17+00:00\" \/>\n<meta name=\"twitter:card\" content=\"summary_large_image\" \/>\n<meta name=\"twitter:label1\" content=\"Odhadovan\u00e1 doba \u010dten\u00ed\" \/>\n\t<meta name=\"twitter:data1\" content=\"5 minut\" \/>\n<script type=\"application\/ld+json\" class=\"yoast-schema-graph\">{\"@context\":\"https:\\\/\\\/schema.org\",\"@graph\":[{\"@type\":\"WebPage\",\"@id\":\"https:\\\/\\\/www.langbruck.at\\\/cs\\\/ferienwohnung-salzburger-land\\\/\",\"url\":\"https:\\\/\\\/www.langbruck.at\\\/cs\\\/ferienwohnung-salzburger-land\\\/\",\"name\":\"Ferienwohnung f\u00fcr 2 - 6 P., Eben im Pongau, Salzburger Land\",\"isPartOf\":{\"@id\":\"https:\\\/\\\/www.langbruck.at\\\/#website\"},\"datePublished\":\"2015-08-11T08:46:02+00:00\",\"dateModified\":\"2017-09-14T08:59:17+00:00\",\"description\":\"Neu ausgestattet: Vollholzm\u00f6bel, komplette K\u00fcche, gro\u00dfteils Balkon, kostenloses W-Lan,... in jeder Ferienwohnung in Eben im Pongau, Salzburger Land.\",\"breadcrumb\":{\"@id\":\"https:\\\/\\\/www.langbruck.at\\\/cs\\\/ferienwohnung-salzburger-land\\\/#breadcrumb\"},\"inLanguage\":\"cs\",\"potentialAction\":[{\"@type\":\"ReadAction\",\"target\":[\"https:\\\/\\\/www.langbruck.at\\\/cs\\\/ferienwohnung-salzburger-land\\\/\"]}]},{\"@type\":\"BreadcrumbList\",\"@id\":\"https:\\\/\\\/www.langbruck.at\\\/cs\\\/ferienwohnung-salzburger-land\\\/#breadcrumb\",\"itemListElement\":[{\"@type\":\"ListItem\",\"position\":1,\"name\":\"Dom\u016f\",\"item\":\"https:\\\/\\\/www.langbruck.at\\\/cs\\\/\"},{\"@type\":\"ListItem\",\"position\":2,\"name\":\"Ferienwohnungen\"}]},{\"@type\":\"WebSite\",\"@id\":\"https:\\\/\\\/www.langbruck.at\\\/#website\",\"url\":\"https:\\\/\\\/www.langbruck.at\\\/\",\"name\":\"Langbruckgut\",\"description\":\"Zimmer &amp; Ferienwohnungen in Eben\",\"potentialAction\":[{\"@type\":\"SearchAction\",\"target\":{\"@type\":\"EntryPoint\",\"urlTemplate\":\"https:\\\/\\\/www.langbruck.at\\\/?s={search_term_string}\"},\"query-input\":{\"@type\":\"PropertyValueSpecification\",\"valueRequired\":true,\"valueName\":\"search_term_string\"}}],\"inLanguage\":\"cs\"}]}<\/script>\n<!-- \/ Yoast SEO plugin. -->","yoast_head_json":{"title":"Ferienwohnung f\u00fcr 2 - 6 P., Eben im Pongau, Salzburger Land","description":"Neu ausgestattet: Vollholzm\u00f6bel, komplette K\u00fcche, gro\u00dfteils Balkon, kostenloses W-Lan,... in jeder Ferienwohnung in Eben im Pongau, Salzburger Land.","robots":{"index":"index","follow":"follow","max-snippet":"max-snippet:-1","max-image-preview":"max-image-preview:large","max-video-preview":"max-video-preview:-1"},"canonical":"https:\/\/www.langbruck.at\/cs\/ferienwohnung-salzburger-land\/","og_locale":"cs_CZ","og_type":"article","og_title":"Ferienwohnung f\u00fcr 2 - 6 P., Eben im Pongau, Salzburger Land","og_description":"Neu ausgestattet: Vollholzm\u00f6bel, komplette K\u00fcche, gro\u00dfteils Balkon, kostenloses W-Lan,... in jeder Ferienwohnung in Eben im Pongau, Salzburger Land.","og_url":"https:\/\/www.langbruck.at\/cs\/ferienwohnung-salzburger-land\/","og_site_name":"Langbruckgut","article_modified_time":"2017-09-14T08:59:17+00:00","twitter_card":"summary_large_image","twitter_misc":{"Odhadovan\u00e1 doba \u010dten\u00ed":"5 minut"},"schema":{"@context":"https:\/\/schema.org","@graph":[{"@type":"WebPage","@id":"https:\/\/www.langbruck.at\/cs\/ferienwohnung-salzburger-land\/","url":"https:\/\/www.langbruck.at\/cs\/ferienwohnung-salzburger-land\/","name":"Ferienwohnung f\u00fcr 2 - 6 P., Eben im Pongau, Salzburger Land","isPartOf":{"@id":"https:\/\/www.langbruck.at\/#website"},"datePublished":"2015-08-11T08:46:02+00:00","dateModified":"2017-09-14T08:59:17+00:00","description":"Neu ausgestattet: Vollholzm\u00f6bel, komplette K\u00fcche, gro\u00dfteils Balkon, kostenloses W-Lan,... in jeder Ferienwohnung in Eben im Pongau, Salzburger Land.","breadcrumb":{"@id":"https:\/\/www.langbruck.at\/cs\/ferienwohnung-salzburger-land\/#breadcrumb"},"inLanguage":"cs","potentialAction":[{"@type":"ReadAction","target":["https:\/\/www.langbruck.at\/cs\/ferienwohnung-salzburger-land\/"]}]},{"@type":"BreadcrumbList","@id":"https:\/\/www.langbruck.at\/cs\/ferienwohnung-salzburger-land\/#breadcrumb","itemListElement":[{"@type":"ListItem","position":1,"name":"Dom\u016f","item":"https:\/\/www.langbruck.at\/cs\/"},{"@type":"ListItem","position":2,"name":"Ferienwohnungen"}]},{"@type":"WebSite","@id":"https:\/\/www.langbruck.at\/#website","url":"https:\/\/www.langbruck.at\/","name":"Langbruckgut","description":"Zimmer &amp; Ferienwohnungen in Eben","potentialAction":[{"@type":"SearchAction","target":{"@type":"EntryPoint","urlTemplate":"https:\/\/www.langbruck.at\/?s={search_term_string}"},"query-input":{"@type":"PropertyValueSpecification","valueRequired":true,"valueName":"search_term_string"}}],"inLanguage":"cs"}]}},"_links":{"self":[{"href":"https:\/\/www.langbruck.at\/cs\/wp-json\/wp\/v2\/pages\/1023","targetHints":{"allow":["GET"]}}],"collection":[{"href":"https:\/\/www.langbruck.at\/cs\/wp-json\/wp\/v2\/pages"}],"about":[{"href":"https:\/\/www.langbruck.at\/cs\/wp-json\/wp\/v2\/types\/page"}],"author":[{"embeddable":true,"href":"https:\/\/www.langbruck.at\/cs\/wp-json\/wp\/v2\/users\/1"}],"replies":[{"embeddable":true,"href":"https:\/\/www.langbruck.at\/cs\/wp-json\/wp\/v2\/comments?post=1023"}],"version-history":[{"count":6,"href":"https:\/\/www.langbruck.at\/cs\/wp-json\/wp\/v2\/pages\/1023\/revisions"}],"predecessor-version":[{"id":1397,"href":"https:\/\/www.langbruck.at\/cs\/wp-json\/wp\/v2\/pages\/1023\/revisions\/1397"}],"wp:attachment":[{"href":"https:\/\/www.langbruck.at\/cs\/wp-json\/wp\/v2\/media?parent=1023"}],"curies":[{"name":"wp","href":"https:\/\/api.w.org\/{rel}","templated":true}]}}